{"id":1543,"date":"2023-01-27T13:34:15","date_gmt":"2023-01-27T13:34:15","guid":{"rendered":"http:\/\/176.32.230.6\/heimdall.se\/?page_id=1543"},"modified":"2023-02-20T14:03:07","modified_gmt":"2023-02-20T14:03:07","slug":"nyheter","status":"publish","type":"page","link":"http:\/\/176.32.230.6\/heimdall.se\/nyheter\/","title":{"rendered":"Nyheter"},"content":{"rendered":"\t\t<div data-elementor-type=\"wp-page\" data-elementor-id=\"1543\" class=\"elementor elementor-1543\">\n\t\t\t\t\t\t<section class=\"elementor-section elementor-top-section elementor-element elementor-element-76aaacf elementor-section-boxed elementor-section-height-default elementor-section-height-default\" data-id=\"76aaacf\" data-element_type=\"section\" data-e-type=\"section\">\n\t\t\t\t\t\t<div class=\"elementor-container elementor-column-gap-default\">\n\t\t\t\t\t<div class=\"elementor-column elementor-col-100 elementor-top-column elementor-element elementor-element-6f91036\" data-id=\"6f91036\" data-element_type=\"column\" data-e-type=\"column\">\n\t\t\t<div class=\"elementor-widget-wrap elementor-element-populated\">\n\t\t\t\t\t\t<div class=\"elementor-element elementor-element-08cb0ea elementor-widget elementor-widget-heading\" data-id=\"08cb0ea\" data-element_type=\"widget\" data-e-type=\"widget\" data-widget_type=\"heading.default\">\n\t\t\t\t<div class=\"elementor-widget-container\">\n\t\t\t\t\t<h2 class=\"elementor-heading-title elementor-size-default\">Nyhetsarkiv<\/h2>\t\t\t\t<\/div>\n\t\t\t\t<\/div>\n\t\t\t\t<div class=\"elementor-element elementor-element-a9b0b9d elementor-grid-3 elementor-grid-tablet-2 elementor-grid-mobile-1 elementor-posts--thumbnail-top elementor-widget elementor-widget-posts\" data-id=\"a9b0b9d\" data-element_type=\"widget\" data-e-type=\"widget\" data-settings=\"{&quot;classic_columns&quot;:&quot;3&quot;,&quot;classic_columns_tablet&quot;:&quot;2&quot;,&quot;classic_columns_mobile&quot;:&quot;1&quot;,&quot;classic_row_gap&quot;:{&quot;unit&quot;:&quot;px&quot;,&quot;size&quot;:35,&quot;sizes&quot;:[]},&quot;classic_row_gap_tablet&quot;:{&quot;unit&quot;:&quot;px&quot;,&quot;size&quot;:&quot;&quot;,&quot;sizes&quot;:[]},&quot;classic_row_gap_mobile&quot;:{&quot;unit&quot;:&quot;px&quot;,&quot;size&quot;:&quot;&quot;,&quot;sizes&quot;:[]}}\" data-widget_type=\"posts.classic\">\n\t\t\t\t<div class=\"elementor-widget-container\">\n\t\t\t\t\t\t\t<div class=\"elementor-posts-container elementor-posts elementor-posts--skin-classic elementor-grid\">\n\t\t\t\t<article class=\"elementor-post elementor-grid-item post-2396 post type-post status-publish format-standard has-post-thumbnail hentry category-news\">\n\t\t\t\t<a class=\"elementor-post__thumbnail__link\" href=\"http:\/\/176.32.230.6\/heimdall.se\/3-satt-att-minska-risken-for-halk-och-fallolyckor\/\" >\n\t\t\t<div class=\"elementor-post__thumbnail\"><img fetchpriority=\"high\" decoding=\"async\" width=\"2560\" height=\"1920\" src=\"http:\/\/176.32.230.6\/heimdall.se\/wp-content\/uploads\/2023\/02\/Schaans-0734902.jpg\" class=\"attachment-full size-full wp-image-2397\" alt=\"\" srcset=\"http:\/\/176.32.230.6\/heimdall.se\/wp-content\/uploads\/2023\/02\/Schaans-0734902.jpg 2560w, http:\/\/176.32.230.6\/heimdall.se\/wp-content\/uploads\/2023\/02\/Schaans-0734902-300x225.jpg 300w, http:\/\/176.32.230.6\/heimdall.se\/wp-content\/uploads\/2023\/02\/Schaans-0734902-1024x768.jpg 1024w, http:\/\/176.32.230.6\/heimdall.se\/wp-content\/uploads\/2023\/02\/Schaans-0734902-768x576.jpg 768w, http:\/\/176.32.230.6\/heimdall.se\/wp-content\/uploads\/2023\/02\/Schaans-0734902-1536x1152.jpg 1536w, http:\/\/176.32.230.6\/heimdall.se\/wp-content\/uploads\/2023\/02\/Schaans-0734902-2048x1536.jpg 2048w\" sizes=\"(max-width: 2560px) 100vw, 2560px\" \/><\/div>\n\t\t<\/a>\n\t\t\t\t<div class=\"elementor-post__text\">\n\t\t\t\t<h3 class=\"elementor-post__title\">\n\t\t\t<a href=\"http:\/\/176.32.230.6\/heimdall.se\/3-satt-att-minska-risken-for-halk-och-fallolyckor\/\" >\n\t\t\t\t3 s\u00e4tt att minska risken f\u00f6r halk- och fallolyckor\t\t\t<\/a>\n\t\t<\/h3>\n\t\t\t\t<div class=\"elementor-post__excerpt\">\n\t\t\t<p>H\u00e4lsa och s\u00e4kerhet p\u00e5 arbetsplatsen \u00e4r viktiga fr\u00e5gor som kan r\u00f6ra en m\u00e4ngd faktorer som stress, buller, kemiska risker och f\u00f6roreningar. H\u00e4r vill vi belysa<\/p>\n\t\t<\/div>\n\t\t\t\t<\/div>\n\t\t\t\t<\/article>\n\t\t\t\t<article class=\"elementor-post elementor-grid-item post-2378 post type-post status-publish format-standard has-post-thumbnail hentry category-betonggolv category-news\">\n\t\t\t\t<a class=\"elementor-post__thumbnail__link\" href=\"http:\/\/176.32.230.6\/heimdall.se\/trendspaning-sidenmatt-betonggolv\/\" >\n\t\t\t<div class=\"elementor-post__thumbnail\"><img decoding=\"async\" width=\"1200\" height=\"404\" src=\"http:\/\/176.32.230.6\/heimdall.se\/wp-content\/uploads\/2023\/02\/golvbild1.jpg\" class=\"attachment-full size-full wp-image-2381\" alt=\"\" srcset=\"http:\/\/176.32.230.6\/heimdall.se\/wp-content\/uploads\/2023\/02\/golvbild1.jpg 1200w, http:\/\/176.32.230.6\/heimdall.se\/wp-content\/uploads\/2023\/02\/golvbild1-300x101.jpg 300w, http:\/\/176.32.230.6\/heimdall.se\/wp-content\/uploads\/2023\/02\/golvbild1-1024x345.jpg 1024w, http:\/\/176.32.230.6\/heimdall.se\/wp-content\/uploads\/2023\/02\/golvbild1-768x259.jpg 768w\" sizes=\"(max-width: 1200px) 100vw, 1200px\" \/><\/div>\n\t\t<\/a>\n\t\t\t\t<div class=\"elementor-post__text\">\n\t\t\t\t<h3 class=\"elementor-post__title\">\n\t\t\t<a href=\"http:\/\/176.32.230.6\/heimdall.se\/trendspaning-sidenmatt-betonggolv\/\" >\n\t\t\t\tTrendspaning: Sidenmatt betonggolv\t\t\t<\/a>\n\t\t<\/h3>\n\t\t\t\t<div class=\"elementor-post__excerpt\">\n\t\t\t<p>&#8221;Matta betonggolv \u00e4r n\u00e5got som ofta efterfr\u00e5gas. Det \u00e4r f\u00f6rst\u00e5s sv\u00e5rt att f\u00e5 till ett betonggolv som \u00e4r helt matt\u00a0eftersom alla\u00a0j\u00e4mna golv ger en viss<\/p>\n\t\t<\/div>\n\t\t\t\t<\/div>\n\t\t\t\t<\/article>\n\t\t\t\t<article class=\"elementor-post elementor-grid-item post-2350 post type-post status-publish format-standard has-post-thumbnail hentry category-news\">\n\t\t\t\t<a class=\"elementor-post__thumbnail__link\" href=\"http:\/\/176.32.230.6\/heimdall.se\/arkitektur-i-fokus-platsgjuten-terrazzo\/\" >\n\t\t\t<div class=\"elementor-post__thumbnail\"><img decoding=\"async\" width=\"1200\" height=\"484\" src=\"http:\/\/176.32.230.6\/heimdall.se\/wp-content\/uploads\/2023\/02\/WelshMilleniumCentre-UK.jpg\" class=\"attachment-full size-full wp-image-2351\" alt=\"\" srcset=\"http:\/\/176.32.230.6\/heimdall.se\/wp-content\/uploads\/2023\/02\/WelshMilleniumCentre-UK.jpg 1200w, http:\/\/176.32.230.6\/heimdall.se\/wp-content\/uploads\/2023\/02\/WelshMilleniumCentre-UK-300x121.jpg 300w, http:\/\/176.32.230.6\/heimdall.se\/wp-content\/uploads\/2023\/02\/WelshMilleniumCentre-UK-1024x413.jpg 1024w, http:\/\/176.32.230.6\/heimdall.se\/wp-content\/uploads\/2023\/02\/WelshMilleniumCentre-UK-768x310.jpg 768w\" sizes=\"(max-width: 1200px) 100vw, 1200px\" \/><\/div>\n\t\t<\/a>\n\t\t\t\t<div class=\"elementor-post__text\">\n\t\t\t\t<h3 class=\"elementor-post__title\">\n\t\t\t<a href=\"http:\/\/176.32.230.6\/heimdall.se\/arkitektur-i-fokus-platsgjuten-terrazzo\/\" >\n\t\t\t\tARKITEKTUR I FOKUS: PLATSGJUTEN TERRAZZO\u00a0\t\t\t<\/a>\n\t\t<\/h3>\n\t\t\t\t<div class=\"elementor-post__excerpt\">\n\t\t\t<p>Platsgjutna\u00a0terrazzogolv \u00e4r en alternativ typ av betonggolv som ger st\u00f6rre m\u00f6jlighet till anpassningar och kreativa l\u00f6sningar \u00e4n traditionella slipade och polerade betonggolv. Vi rekommenderar det<\/p>\n\t\t<\/div>\n\t\t\t\t<\/div>\n\t\t\t\t<\/article>\n\t\t\t\t<article class=\"elementor-post elementor-grid-item post-2336 post type-post status-publish format-standard has-post-thumbnail hentry category-htc-superfloor category-news\">\n\t\t\t\t<a class=\"elementor-post__thumbnail__link\" href=\"http:\/\/176.32.230.6\/heimdall.se\/htc-superfloorplatinum-max-i-hudiksvall\/\" >\n\t\t\t<div class=\"elementor-post__thumbnail\"><img loading=\"lazy\" decoding=\"async\" width=\"960\" height=\"334\" src=\"http:\/\/176.32.230.6\/heimdall.se\/wp-content\/uploads\/2023\/02\/310931178_10153423186371842_4585556692581428595_n.jpg\" class=\"attachment-full size-full wp-image-2337\" alt=\"\" srcset=\"http:\/\/176.32.230.6\/heimdall.se\/wp-content\/uploads\/2023\/02\/310931178_10153423186371842_4585556692581428595_n.jpg 960w, http:\/\/176.32.230.6\/heimdall.se\/wp-content\/uploads\/2023\/02\/310931178_10153423186371842_4585556692581428595_n-300x104.jpg 300w, http:\/\/176.32.230.6\/heimdall.se\/wp-content\/uploads\/2023\/02\/310931178_10153423186371842_4585556692581428595_n-768x267.jpg 768w\" sizes=\"(max-width: 960px) 100vw, 960px\" \/><\/div>\n\t\t<\/a>\n\t\t\t\t<div class=\"elementor-post__text\">\n\t\t\t\t<h3 class=\"elementor-post__title\">\n\t\t\t<a href=\"http:\/\/176.32.230.6\/heimdall.se\/htc-superfloorplatinum-max-i-hudiksvall\/\" >\n\t\t\t\tHTC Superfloor\u2122Platinum,\u00a0Max i\u00a0Hudiksvall\t\t\t<\/a>\n\t\t<\/h3>\n\t\t\t\t<div class=\"elementor-post__excerpt\">\n\t\t\t<p>&#8211; &#8221;Anledningen till att vi v\u00e4ljer den golvl\u00f6sning vi g\u00f6r \u00e4r funktion och design. Det ska vara l\u00e4ttst\u00e4dat och snyggt i v\u00e5ra restauranger. Pricken \u00f6ver<\/p>\n\t\t<\/div>\n\t\t\t\t<\/div>\n\t\t\t\t<\/article>\n\t\t\t\t<article class=\"elementor-post elementor-grid-item post-2293 post type-post status-publish format-standard has-post-thumbnail hentry category-news\">\n\t\t\t\t<a class=\"elementor-post__thumbnail__link\" href=\"http:\/\/176.32.230.6\/heimdall.se\/industriella-golv-i-kommersiella-miljoer\/\" >\n\t\t\t<div class=\"elementor-post__thumbnail\"><img loading=\"lazy\" decoding=\"async\" width=\"1200\" height=\"456\" src=\"http:\/\/176.32.230.6\/heimdall.se\/wp-content\/uploads\/2023\/02\/Castello-Banfi-2.jpg\" class=\"attachment-full size-full wp-image-2295\" alt=\"\" srcset=\"http:\/\/176.32.230.6\/heimdall.se\/wp-content\/uploads\/2023\/02\/Castello-Banfi-2.jpg 1200w, http:\/\/176.32.230.6\/heimdall.se\/wp-content\/uploads\/2023\/02\/Castello-Banfi-2-300x114.jpg 300w, http:\/\/176.32.230.6\/heimdall.se\/wp-content\/uploads\/2023\/02\/Castello-Banfi-2-1024x389.jpg 1024w, http:\/\/176.32.230.6\/heimdall.se\/wp-content\/uploads\/2023\/02\/Castello-Banfi-2-768x292.jpg 768w\" sizes=\"(max-width: 1200px) 100vw, 1200px\" \/><\/div>\n\t\t<\/a>\n\t\t\t\t<div class=\"elementor-post__text\">\n\t\t\t\t<h3 class=\"elementor-post__title\">\n\t\t\t<a href=\"http:\/\/176.32.230.6\/heimdall.se\/industriella-golv-i-kommersiella-miljoer\/\" >\n\t\t\t\tIndustriella golv\u00a0i kommersiella milj\u00f6er\t\t\t<\/a>\n\t\t<\/h3>\n\t\t\t\t<div class=\"elementor-post__excerpt\">\n\t\t\t<p>Att kombinera det industriella med det kommersiella \u00e4r en konstform som de b\u00e4sta inredningsarkitekterna ibland g\u00e5r bet p\u00e5. H\u00e4r g\u00e5r vi igenom tre olika kommersiella<\/p>\n\t\t<\/div>\n\t\t\t\t<\/div>\n\t\t\t\t<\/article>\n\t\t\t\t<article class=\"elementor-post elementor-grid-item post-2272 post type-post status-publish format-standard has-post-thumbnail hentry category-betonggolv category-news\">\n\t\t\t\t<a class=\"elementor-post__thumbnail__link\" href=\"http:\/\/176.32.230.6\/heimdall.se\/4-stora-nackdelar-med-obehandlade-betonggolv\/\" >\n\t\t\t<div class=\"elementor-post__thumbnail\"><img loading=\"lazy\" decoding=\"async\" width=\"1000\" height=\"667\" src=\"http:\/\/176.32.230.6\/heimdall.se\/wp-content\/uploads\/2023\/02\/betong.jpg\" class=\"attachment-full size-full wp-image-2274\" alt=\"\" srcset=\"http:\/\/176.32.230.6\/heimdall.se\/wp-content\/uploads\/2023\/02\/betong.jpg 1000w, http:\/\/176.32.230.6\/heimdall.se\/wp-content\/uploads\/2023\/02\/betong-300x200.jpg 300w, http:\/\/176.32.230.6\/heimdall.se\/wp-content\/uploads\/2023\/02\/betong-768x512.jpg 768w\" sizes=\"(max-width: 1000px) 100vw, 1000px\" \/><\/div>\n\t\t<\/a>\n\t\t\t\t<div class=\"elementor-post__text\">\n\t\t\t\t<h3 class=\"elementor-post__title\">\n\t\t\t<a href=\"http:\/\/176.32.230.6\/heimdall.se\/4-stora-nackdelar-med-obehandlade-betonggolv\/\" >\n\t\t\t\t4 stora nackdelar med obehandlade betonggolv\t\t\t<\/a>\n\t\t<\/h3>\n\t\t\t\t<div class=\"elementor-post__excerpt\">\n\t\t\t<p>Det \u00e4r inte ovanligt att man st\u00f6ter p\u00e5 relativt obehandlade betonggolv i lager och i butiker. Det kan givetvis vara flera orsaker till att man<\/p>\n\t\t<\/div>\n\t\t\t\t<\/div>\n\t\t\t\t<\/article>\n\t\t\t\t<article class=\"elementor-post elementor-grid-item post-2226 post type-post status-publish format-standard has-post-thumbnail hentry category-betonggolv category-news\">\n\t\t\t\t<a class=\"elementor-post__thumbnail__link\" href=\"http:\/\/176.32.230.6\/heimdall.se\/gjutguiden-del-v-betong-och-miljopaverkan\/\" >\n\t\t\t<div class=\"elementor-post__thumbnail\"><img loading=\"lazy\" decoding=\"async\" width=\"900\" height=\"600\" src=\"http:\/\/176.32.230.6\/heimdall.se\/wp-content\/uploads\/2023\/02\/vaxt-betong2.jpg\" class=\"attachment-full size-full wp-image-2227\" alt=\"\" srcset=\"http:\/\/176.32.230.6\/heimdall.se\/wp-content\/uploads\/2023\/02\/vaxt-betong2.jpg 900w, http:\/\/176.32.230.6\/heimdall.se\/wp-content\/uploads\/2023\/02\/vaxt-betong2-300x200.jpg 300w, http:\/\/176.32.230.6\/heimdall.se\/wp-content\/uploads\/2023\/02\/vaxt-betong2-768x512.jpg 768w\" sizes=\"(max-width: 900px) 100vw, 900px\" \/><\/div>\n\t\t<\/a>\n\t\t\t\t<div class=\"elementor-post__text\">\n\t\t\t\t<h3 class=\"elementor-post__title\">\n\t\t\t<a href=\"http:\/\/176.32.230.6\/heimdall.se\/gjutguiden-del-v-betong-och-miljopaverkan\/\" >\n\t\t\t\tGjutguiden del V &#8211; Betong och milj\u00f6p\u00e5verkan\t\t\t<\/a>\n\t\t<\/h3>\n\t\t\t\t<div class=\"elementor-post__excerpt\">\n\t\t\t<p>Betongtillverkning och koldioxidutsl\u00e4pp Det \u00e4r knappast n\u00e5gon nyhet att tillverkningen av betong orsakar koldioxidutl\u00e4pp. Faktum \u00e4r att cementtillverkning \u00f6verlag ger stora koldioxidutsl\u00e4pp som man tyv\u00e4rr<\/p>\n\t\t<\/div>\n\t\t\t\t<\/div>\n\t\t\t\t<\/article>\n\t\t\t\t<article class=\"elementor-post elementor-grid-item post-2206 post type-post status-publish format-standard has-post-thumbnail hentry category-microcement category-news\">\n\t\t\t\t<a class=\"elementor-post__thumbnail__link\" href=\"http:\/\/176.32.230.6\/heimdall.se\/darfor-kommer-betonggolvet-ha-synliga-stenar\/\" >\n\t\t\t<div class=\"elementor-post__thumbnail\"><img loading=\"lazy\" decoding=\"async\" width=\"899\" height=\"582\" src=\"http:\/\/176.32.230.6\/heimdall.se\/wp-content\/uploads\/2023\/02\/HC550-0128.jpg\" class=\"attachment-full size-full wp-image-2207\" alt=\"\" srcset=\"http:\/\/176.32.230.6\/heimdall.se\/wp-content\/uploads\/2023\/02\/HC550-0128.jpg 899w, http:\/\/176.32.230.6\/heimdall.se\/wp-content\/uploads\/2023\/02\/HC550-0128-300x194.jpg 300w, http:\/\/176.32.230.6\/heimdall.se\/wp-content\/uploads\/2023\/02\/HC550-0128-768x497.jpg 768w\" sizes=\"(max-width: 899px) 100vw, 899px\" \/><\/div>\n\t\t<\/a>\n\t\t\t\t<div class=\"elementor-post__text\">\n\t\t\t\t<h3 class=\"elementor-post__title\">\n\t\t\t<a href=\"http:\/\/176.32.230.6\/heimdall.se\/darfor-kommer-betonggolvet-ha-synliga-stenar\/\" >\n\t\t\t\tD\u00e4rf\u00f6r kommer betonggolvet ha synliga stenar\t\t\t<\/a>\n\t\t<\/h3>\n\t\t\t\t<div class=\"elementor-post__excerpt\">\n\t\t\t<p>Valet av slipningsgrad avg\u00f6r stenbilden Betonggolv kommer i olika utf\u00f6randen och vad vi kallar f\u00f6r slipningsgrader. Kanske har du h\u00f6rt talas om HTC Superfloor\u2122, vilket<\/p>\n\t\t<\/div>\n\t\t\t\t<\/div>\n\t\t\t\t<\/article>\n\t\t\t\t<article class=\"elementor-post elementor-grid-item post-2084 post type-post status-publish format-standard has-post-thumbnail hentry category-news\">\n\t\t\t\t<a class=\"elementor-post__thumbnail__link\" href=\"http:\/\/176.32.230.6\/heimdall.se\/4-olika-flytspackel-4-olika-situationer\/\" >\n\t\t\t<div class=\"elementor-post__thumbnail\"><img loading=\"lazy\" decoding=\"async\" width=\"900\" height=\"600\" src=\"http:\/\/176.32.230.6\/heimdall.se\/wp-content\/uploads\/2023\/02\/Flytspackling.jpg\" class=\"attachment-full size-full wp-image-2085\" alt=\"\" srcset=\"http:\/\/176.32.230.6\/heimdall.se\/wp-content\/uploads\/2023\/02\/Flytspackling.jpg 900w, http:\/\/176.32.230.6\/heimdall.se\/wp-content\/uploads\/2023\/02\/Flytspackling-300x200.jpg 300w, http:\/\/176.32.230.6\/heimdall.se\/wp-content\/uploads\/2023\/02\/Flytspackling-768x512.jpg 768w\" sizes=\"(max-width: 900px) 100vw, 900px\" \/><\/div>\n\t\t<\/a>\n\t\t\t\t<div class=\"elementor-post__text\">\n\t\t\t\t<h3 class=\"elementor-post__title\">\n\t\t\t<a href=\"http:\/\/176.32.230.6\/heimdall.se\/4-olika-flytspackel-4-olika-situationer\/\" >\n\t\t\t\t4 olika flytspackel &#8211; 4 olika situationer\t\t\t<\/a>\n\t\t<\/h3>\n\t\t\t\t<div class=\"elementor-post__excerpt\">\n\t\t\t<p>Att v\u00e4lja fel flytspackel kan med lite otur bli kostsamt.\u00a0Det kan leda till att massan sl\u00e4pper fr\u00e5n underlaget eller att det skapar sprickbildningar. H\u00e4r ger<\/p>\n\t\t<\/div>\n\t\t\t\t<\/div>\n\t\t\t\t<\/article>\n\t\t\t\t<article class=\"elementor-post elementor-grid-item post-2062 post type-post status-publish format-standard has-post-thumbnail hentry category-betonggolv category-news\">\n\t\t\t\t<a class=\"elementor-post__thumbnail__link\" href=\"http:\/\/176.32.230.6\/heimdall.se\/gjutguiden-del-iv-nar-gjutningen-gatt-fel\/\" >\n\t\t\t<div class=\"elementor-post__thumbnail\"><img loading=\"lazy\" decoding=\"async\" width=\"694\" height=\"521\" src=\"http:\/\/176.32.230.6\/heimdall.se\/wp-content\/uploads\/2023\/02\/Unknown-1.png\" class=\"attachment-full size-full wp-image-2067\" alt=\"\" srcset=\"http:\/\/176.32.230.6\/heimdall.se\/wp-content\/uploads\/2023\/02\/Unknown-1.png 694w, http:\/\/176.32.230.6\/heimdall.se\/wp-content\/uploads\/2023\/02\/Unknown-1-300x225.png 300w\" sizes=\"(max-width: 694px) 100vw, 694px\" \/><\/div>\n\t\t<\/a>\n\t\t\t\t<div class=\"elementor-post__text\">\n\t\t\t\t<h3 class=\"elementor-post__title\">\n\t\t\t<a href=\"http:\/\/176.32.230.6\/heimdall.se\/gjutguiden-del-iv-nar-gjutningen-gatt-fel\/\" >\n\t\t\t\tGjutguiden del IV &#8211; N\u00e4r gjutningen g\u00e5tt fel\t\t\t<\/a>\n\t\t<\/h3>\n\t\t\t\t<div class=\"elementor-post__excerpt\">\n\t\t\t<p>Vid l\u00e4ggning av anl\u00e4ggningsbetong, som \u00e4r vanligt i botten av bost\u00e4der och parkeringshus, \u00e4r risken f\u00f6r oj\u00e4mnheter och \u00f6verdriven porbildning stor. Detta har i flera<\/p>\n\t\t<\/div>\n\t\t\t\t<\/div>\n\t\t\t\t<\/article>\n\t\t\t\t<article class=\"elementor-post elementor-grid-item post-2043 post type-post status-publish format-standard has-post-thumbnail hentry category-betonggolv category-news\">\n\t\t\t\t<a class=\"elementor-post__thumbnail__link\" href=\"http:\/\/176.32.230.6\/heimdall.se\/gjutguiden-del-iii-om-sprickor\/\" >\n\t\t\t<div class=\"elementor-post__thumbnail\"><img loading=\"lazy\" decoding=\"async\" width=\"700\" height=\"518\" src=\"http:\/\/176.32.230.6\/heimdall.se\/wp-content\/uploads\/2023\/02\/spricka-betong.jpg\" class=\"attachment-full size-full wp-image-2046\" alt=\"\" srcset=\"http:\/\/176.32.230.6\/heimdall.se\/wp-content\/uploads\/2023\/02\/spricka-betong.jpg 700w, http:\/\/176.32.230.6\/heimdall.se\/wp-content\/uploads\/2023\/02\/spricka-betong-300x222.jpg 300w\" sizes=\"(max-width: 700px) 100vw, 700px\" \/><\/div>\n\t\t<\/a>\n\t\t\t\t<div class=\"elementor-post__text\">\n\t\t\t\t<h3 class=\"elementor-post__title\">\n\t\t\t<a href=\"http:\/\/176.32.230.6\/heimdall.se\/gjutguiden-del-iii-om-sprickor\/\" >\n\t\t\t\tGjutguiden del III &#8211; Om sprickor\t\t\t<\/a>\n\t\t<\/h3>\n\t\t\t\t<div class=\"elementor-post__excerpt\">\n\t\t\t<p>Ett av de vanligare problemen som kan uppst\u00e5 efter gjutning \u00e4r plastiska krympsprickor. Betong krymper med tiden och i kombination med att det \u00e4r ett<\/p>\n\t\t<\/div>\n\t\t\t\t<\/div>\n\t\t\t\t<\/article>\n\t\t\t\t<article class=\"elementor-post elementor-grid-item post-2014 post type-post status-publish format-standard has-post-thumbnail hentry category-betonggolv category-news\">\n\t\t\t\t<a class=\"elementor-post__thumbnail__link\" href=\"http:\/\/176.32.230.6\/heimdall.se\/gjutguiden-del-ii-armering-sten-och-ballast\/\" >\n\t\t\t<div class=\"elementor-post__thumbnail\"><img loading=\"lazy\" decoding=\"async\" width=\"900\" height=\"600\" src=\"http:\/\/176.32.230.6\/heimdall.se\/wp-content\/uploads\/2023\/02\/armering-farg.jpg\" class=\"attachment-full size-full wp-image-2019\" alt=\"\" srcset=\"http:\/\/176.32.230.6\/heimdall.se\/wp-content\/uploads\/2023\/02\/armering-farg.jpg 900w, http:\/\/176.32.230.6\/heimdall.se\/wp-content\/uploads\/2023\/02\/armering-farg-300x200.jpg 300w, http:\/\/176.32.230.6\/heimdall.se\/wp-content\/uploads\/2023\/02\/armering-farg-768x512.jpg 768w\" sizes=\"(max-width: 900px) 100vw, 900px\" \/><\/div>\n\t\t<\/a>\n\t\t\t\t<div class=\"elementor-post__text\">\n\t\t\t\t<h3 class=\"elementor-post__title\">\n\t\t\t<a href=\"http:\/\/176.32.230.6\/heimdall.se\/gjutguiden-del-ii-armering-sten-och-ballast\/\" >\n\t\t\t\tGjutguiden del II &#8211; Armering, sten och ballast\t\t\t<\/a>\n\t\t<\/h3>\n\t\t\t\t<div class=\"elementor-post__excerpt\">\n\t\t\t<p>Vad \u00e4r ballast och armering?&nbsp; Armering \u00e4r n\u00e5got man applicerar i betongkonstruktionen f\u00f6r att betongen ska bli mer h\u00e5llbar och klara tyngre belastning utan att<\/p>\n\t\t<\/div>\n\t\t\t\t<\/div>\n\t\t\t\t<\/article>\n\t\t\t\t<article class=\"elementor-post elementor-grid-item post-1700 post type-post status-publish format-standard has-post-thumbnail hentry category-betonggolv category-news\">\n\t\t\t\t<a class=\"elementor-post__thumbnail__link\" href=\"http:\/\/176.32.230.6\/heimdall.se\/gjutguiden-del-i-betongkvalitet\/\" >\n\t\t\t<div class=\"elementor-post__thumbnail\"><img loading=\"lazy\" decoding=\"async\" width=\"900\" height=\"601\" src=\"http:\/\/176.32.230.6\/heimdall.se\/wp-content\/uploads\/2023\/01\/Gjutning2.jpg\" class=\"attachment-full size-full wp-image-1701\" alt=\"\" srcset=\"http:\/\/176.32.230.6\/heimdall.se\/wp-content\/uploads\/2023\/01\/Gjutning2.jpg 900w, http:\/\/176.32.230.6\/heimdall.se\/wp-content\/uploads\/2023\/01\/Gjutning2-300x200.jpg 300w, http:\/\/176.32.230.6\/heimdall.se\/wp-content\/uploads\/2023\/01\/Gjutning2-768x513.jpg 768w\" sizes=\"(max-width: 900px) 100vw, 900px\" \/><\/div>\n\t\t<\/a>\n\t\t\t\t<div class=\"elementor-post__text\">\n\t\t\t\t<h3 class=\"elementor-post__title\">\n\t\t\t<a href=\"http:\/\/176.32.230.6\/heimdall.se\/gjutguiden-del-i-betongkvalitet\/\" >\n\t\t\t\tGjutguiden del I &#8211; Betongkvalitet\t\t\t<\/a>\n\t\t<\/h3>\n\t\t\t\t<div class=\"elementor-post__excerpt\">\n\t\t\t<p>En f\u00f6rklaring av exponeringsklass Exponeringsklass \u00e4r ett begrepp som inf\u00f6rts f\u00f6r att klassificera hur omgivningens aggressivitet \u00e4r f\u00f6r en specifik betongkonstruktion. P\u00e5 svenska inneb\u00e4r det<\/p>\n\t\t<\/div>\n\t\t\t\t<\/div>\n\t\t\t\t<\/article>\n\t\t\t\t<article class=\"elementor-post elementor-grid-item post-1651 post type-post status-publish format-standard has-post-thumbnail hentry category-betonggolv category-news\">\n\t\t\t\t<a class=\"elementor-post__thumbnail__link\" href=\"http:\/\/176.32.230.6\/heimdall.se\/betonggolv-i-bostaden-3-saker-du-bor-tanka-pa\/\" >\n\t\t\t<div class=\"elementor-post__thumbnail\"><img loading=\"lazy\" decoding=\"async\" width=\"800\" height=\"600\" src=\"http:\/\/176.32.230.6\/heimdall.se\/wp-content\/uploads\/2023\/01\/AdobeStock_65303557.jpeg\" class=\"attachment-full size-full wp-image-1653\" alt=\"Betonggolv i Bostaden Heimdall\" srcset=\"http:\/\/176.32.230.6\/heimdall.se\/wp-content\/uploads\/2023\/01\/AdobeStock_65303557.jpeg 800w, http:\/\/176.32.230.6\/heimdall.se\/wp-content\/uploads\/2023\/01\/AdobeStock_65303557-300x225.jpeg 300w, http:\/\/176.32.230.6\/heimdall.se\/wp-content\/uploads\/2023\/01\/AdobeStock_65303557-768x576.jpeg 768w\" sizes=\"(max-width: 800px) 100vw, 800px\" \/><\/div>\n\t\t<\/a>\n\t\t\t\t<div class=\"elementor-post__text\">\n\t\t\t\t<h3 class=\"elementor-post__title\">\n\t\t\t<a href=\"http:\/\/176.32.230.6\/heimdall.se\/betonggolv-i-bostaden-3-saker-du-bor-tanka-pa\/\" >\n\t\t\t\tBetonggolv i bostaden &#8211; 3 saker du b\u00f6r t\u00e4nka p\u00e5\t\t\t<\/a>\n\t\t<\/h3>\n\t\t\t\t<div class=\"elementor-post__excerpt\">\n\t\t\t<p>Industritrenden i hemmet har mognat och har nu h\u00e5llit i sig i ett antal \u00e5r. Vi p\u00e5 Heimdall har m\u00e4rkt av detta p\u00e5 antalet f\u00f6rfr\u00e5gningar<\/p>\n\t\t<\/div>\n\t\t\t\t<\/div>\n\t\t\t\t<\/article>\n\t\t\t\t<\/div>\n\t\t\n\t\t\t\t\t\t<\/div>\n\t\t\t\t<\/div>\n\t\t\t\t\t<\/div>\n\t\t<\/div>\n\t\t\t\t\t<\/div>\n\t\t<\/section>\n\t\t\t\t<\/div>\n\t\t","protected":false},"excerpt":{"rendered":"<p>Nyhetsarkiv<\/p>\n","protected":false},"author":3,"featured_media":0,"parent":0,"menu_order":0,"comment_status":"closed","ping_status":"closed","template":"elementor_header_footer","meta":{"footnotes":""},"class_list":["post-1543","page","type-page","status-publish","hentry"],"_links":{"self":[{"href":"http:\/\/176.32.230.6\/heimdall.se\/wp-json\/wp\/v2\/pages\/1543","targetHints":{"allow":["GET"]}}],"collection":[{"href":"http:\/\/176.32.230.6\/heimdall.se\/wp-json\/wp\/v2\/pages"}],"about":[{"href":"http:\/\/176.32.230.6\/heimdall.se\/wp-json\/wp\/v2\/types\/page"}],"author":[{"embeddable":true,"href":"http:\/\/176.32.230.6\/heimdall.se\/wp-json\/wp\/v2\/users\/3"}],"replies":[{"embeddable":true,"href":"http:\/\/176.32.230.6\/heimdall.se\/wp-json\/wp\/v2\/comments?post=1543"}],"version-history":[{"count":58,"href":"http:\/\/176.32.230.6\/heimdall.se\/wp-json\/wp\/v2\/pages\/1543\/revisions"}],"predecessor-version":[{"id":2417,"href":"http:\/\/176.32.230.6\/heimdall.se\/wp-json\/wp\/v2\/pages\/1543\/revisions\/2417"}],"wp:attachment":[{"href":"http:\/\/176.32.230.6\/heimdall.se\/wp-json\/wp\/v2\/media?parent=1543"}],"curies":[{"name":"wp","href":"https:\/\/api.w.org\/{rel}","templated":true}]}}